{"id":2728,"date":"2021-05-19T13:56:14","date_gmt":"2021-05-19T11:56:14","guid":{"rendered":"https:\/\/laparoleaucentre.com\/?page_id=2728"},"modified":"2022-11-21T17:05:23","modified_gmt":"2022-11-21T16:05:23","slug":"simon-et-la-meduse-et-le-continent","status":"publish","type":"page","link":"https:\/\/laparoleaucentre.com\/index.php\/creations\/simon-et-la-meduse-et-le-continent\/","title":{"rendered":"Simon et la m\u00e9duse et le continent"},"content":{"rendered":"<p><div class=\"fusion-fullwidth fullwidth-box fusion-builder-row-1 fusion-flex-container nonhundred-percent-fullwidth non-hundred-percent-height-scrolling fusion-no-small-visibility\" style=\"--awb-border-radius-top-left:0px;--awb-border-radius-top-right:0px;--awb-border-radius-bottom-right:0px;--awb-border-radius-bottom-left:0px;--awb-padding-right:3%;--awb-padding-left:3%;--awb-background-color:#ffffff;--awb-flex-wrap:wrap;\" ><div class=\"fusion-builder-row fusion-row fusion-flex-align-items-flex-start fusion-flex-content-wrap\" style=\"max-width:1248px;margin-left: calc(-4% \/ 2 );margin-right: calc(-4% \/ 2 );\"><div class=\"fusion-layout-column fusion_builder_column fusion-builder-column-0 fusion_builder_column_1_2 1_2 fusion-flex-column\" style=\"--awb-bg-size:cover;--awb-width-large:50%;--awb-margin-top-large:0px;--awb-spacing-right-large:3.84%;--awb-margin-bottom-large:20px;--awb-spacing-left-large:3.84%;--awb-width-medium:50%;--awb-order-medium:0;--awb-spacing-right-medium:3.84%;--awb-spacing-left-medium:3.84%;--awb-width-small:100%;--awb-order-small:0;--awb-spacing-right-small:1.92%;--awb-spacing-left-small:1.92%;\"><div class=\"fusion-column-wrapper fusion-column-has-shadow fusion-flex-justify-content-flex-start fusion-content-layout-column\"><div class=\"fusion-image-element \" style=\"--awb-caption-title-font-family:var(--h2_typography-font-family);--awb-caption-title-font-weight:var(--h2_typography-font-weight);--awb-caption-title-font-style:var(--h2_typography-font-style);--awb-caption-title-size:var(--h2_typography-font-size);--awb-caption-title-transform:var(--h2_typography-text-transform);--awb-caption-title-line-height:var(--h2_typography-line-height);--awb-caption-title-letter-spacing:var(--h2_typography-letter-spacing);--awb-filter:saturate(0%);--awb-filter-transition:filter 0.3s ease;--awb-filter-hover:saturate(148%);\"><span class=\" fusion-imageframe imageframe-none imageframe-1 hover-type-none\"><img decoding=\"async\" width=\"600\" height=\"543\" alt=\"Simon et la m\u00e9duse et le continent\" title=\"Simon et la m\u00e9duse et le continent\" src=\"https:\/\/laparoleaucentre.com\/wp-content\/uploads\/2021\/05\/simon-et-la-meduse-et-le-continent.png\" class=\"img-responsive wp-image-2759\" srcset=\"https:\/\/laparoleaucentre.com\/wp-content\/uploads\/2021\/05\/simon-et-la-meduse-et-le-continent-200x181.png 200w, https:\/\/laparoleaucentre.com\/wp-content\/uploads\/2021\/05\/simon-et-la-meduse-et-le-continent-400x362.png 400w, https:\/\/laparoleaucentre.com\/wp-content\/uploads\/2021\/05\/simon-et-la-meduse-et-le-continent.png 600w\" sizes=\"(max-width: 640px) 100vw, 600px\" \/><\/span><\/div><div class=\"fusion-text fusion-text-1\" style=\"--awb-font-size:8px;\"><p style=\"text-align: right;\">\u00a0\u00a9 Victor Rachet<\/p>\n<\/div><div class=\"fusion-separator fusion-full-width-sep\" style=\"align-self: center;margin-left: auto;margin-right: auto;margin-top:20px;margin-bottom:20px;width:100%;\"><\/div><div class=\"fusion-text fusion-text-2\" style=\"--awb-content-alignment:justify;\"><p>Simon ne va pas \u00e0 la cantine comme les autres enfants. Simon ne boit pas son yop comme les autres enfants. Simon ne fume pas son shit comme les autres enfants. Simon nous ment car il se soucie du vrai. Dans son monde, qui ne correspond pas du tout \u00e0 celui que dessinent les adultes, il lutte entre sa m\u00e8re, Jeanne qui \u00e9crit et qui voudrait \u00eatre appel\u00e9e maman, Monsieur Murmure, son ami imaginaire, mobile et transparent, son p\u00e8re, astronaute et\/ou absent, sa psychologue, la robe \u00e0 fleurs et le diagnostic bienveillant, Gaspard, son (seul) ami r\u00e9el qui n&rsquo;est qu&rsquo;un ami rien de plus, et Madame M\u00e9duse, ce petit animal ennemi et parasite m\u00e9taphore de son angoisse.<\/p>\n<\/div><\/div><\/div><div class=\"fusion-layout-column fusion_builder_column fusion-builder-column-1 fusion_builder_column_1_2 1_2 fusion-flex-column\" style=\"--awb-padding-top:7%;--awb-padding-right:7%;--awb-padding-bottom:7%;--awb-padding-left:7%;--awb-bg-size:cover;--awb-border-color:#000000;--awb-border-style:solid;--awb-width-large:50%;--awb-margin-top-large:0px;--awb-spacing-right-large:3.84%;--awb-margin-bottom-large:20px;--awb-spacing-left-large:3.84%;--awb-width-medium:50%;--awb-order-medium:0;--awb-spacing-right-medium:3.84%;--awb-spacing-left-medium:3.84%;--awb-width-small:100%;--awb-order-small:0;--awb-spacing-right-small:1.92%;--awb-spacing-left-small:1.92%;\"><div class=\"fusion-column-wrapper fusion-column-has-shadow fusion-flex-justify-content-flex-start fusion-content-layout-column\"><div class=\"fusion-title title fusion-title-1 fusion-sep-none fusion-title-center fusion-title-text fusion-title-size-two fusion-animated\" style=\"--awb-margin-bottom:45px;--awb-font-size:45px;\" data-animationType=\"flash\" data-animationDuration=\"1.0\" data-animationOffset=\"top-into-view\"><h2 class=\"fusion-title-heading title-heading-center\" style=\"font-family:&quot;Permanent Marker&quot;;font-style:normal;font-weight:400;margin:0;font-size:1em;\">SIMON ET LA MEDUSE ET LE CONTINENT<\/h2><\/div><div class=\"fusion-text fusion-text-3\"><p style=\"text-align: right;\"><em><strong>JEANNE ET SIMON<\/strong> volet 2<\/em><br \/>\n<em>en tourn\u00e9e<\/em><\/p>\n<\/div><div class=\"fusion-separator fusion-full-width-sep\" style=\"align-self: center;margin-left: auto;margin-right: auto;margin-top:5px;margin-bottom:5px;width:100%;\"><\/div><div class=\"fusion-content-boxes content-boxes columns row fusion-columns-1 fusion-columns-total-1 fusion-content-boxes-1 content-boxes-icon-with-title content-left\" style=\"--awb-hover-accent-color:rgba(101,188,123,0);--awb-circle-hover-accent-color:rgba(101,188,123,0);--awb-item-margin-bottom:40px;\" data-animationOffset=\"top-into-view\"><div style=\"--awb-backgroundcolor:#ffffff;\" class=\"fusion-column content-box-column content-box-column content-box-column-1 col-lg-12 col-md-12 col-sm-12 fusion-content-box-hover content-box-column-last content-box-column-last-in-row\"><div class=\"col content-box-wrapper content-wrapper-background link-area-link-icon content-icon-wrapper-yes icon-hover-animation-none\" data-animationOffset=\"top-into-view\"><div class=\"fusion-clearfix\"><\/div><div class=\"content-container\">\n<h4><strong>\u00e9criture, dramaturgie &amp; mise en sc\u00e8ne <\/strong>Louise Em\u00f6<br \/>\n<strong>jeu, proposition &amp; dramaturgie <\/strong>Simon Vialle<br \/>\n<strong>lumi\u00e8re, dramaturgie &amp; assistanat<\/strong>\u00a0Cl\u00e9ment Longueville<\/h4>\n<h4><strong>dur\u00e9e du spectacle<\/strong>\u00a01 heure<\/h4>\n<h4><strong>production d\u00e9l\u00e9gu\u00e9e<\/strong>\u00a0<a href=\"http:\/\/www.cdn-normandierouen.fr\/production\/simon-la-meduse-le-continent\/\">CDN de Normandie-Rouen\u00a0<\/a><br \/>\n<strong>coproduction <\/strong>La PAC &#8211; La ParoleAuCentre &amp; L&rsquo;\u00c9tincelle &#8211; Th\u00e9\u00e2tre de la ville de Rouen<br \/>\n<strong>avec le soutien de<\/strong>\u00a0La Bellone &#8211; Maison du spectacle, du Centre des \u00c9critures Dramatiques de Wallonie-Bruxelles, de la Cit\u00e9-Th\u00e9\u00e2tre, de l&rsquo;ODIA Normandie, de l&rsquo;ONDA et du Quai &#8211; CDN Angers Pays de la Loire<\/h4>\n<\/div><\/div><\/div><div class=\"fusion-clearfix\"><\/div><\/div><div class=\"fusion-separator fusion-full-width-sep\" style=\"align-self: center;margin-left: auto;margin-right: auto;margin-top:5px;margin-bottom:5px;width:100%;\"><\/div><div style=\"text-align:center;\"><a class=\"fusion-button button-flat fusion-button-default-size button-default fusion-button-default button-1 fusion-button-default-span fusion-button-default-type\" style=\"--button_text_transform:lowercase;\" target=\"lightbox\" rel=\"iLightbox\" href=\"https:\/\/laparoleaucentre.com\/wp-content\/uploads\/2021\/05\/dossier-SIMON-ET-LA-MEDUSE-ET-LE-CONTINENT.pdf\"><span class=\"fusion-button-text awb-button__text awb-button__text--default\">dossier artistique<\/span><\/a><\/div><\/div><\/div><div class=\"fusion-layout-column fusion_builder_column fusion-builder-column-2 fusion_builder_column_1_2 1_2 fusion-flex-column\" style=\"--awb-bg-size:cover;--awb-width-large:50%;--awb-margin-top-large:0px;--awb-spacing-right-large:3.84%;--awb-margin-bottom-large:20px;--awb-spacing-left-large:3.84%;--awb-width-medium:50%;--awb-order-medium:0;--awb-spacing-right-medium:3.84%;--awb-spacing-left-medium:3.84%;--awb-width-small:100%;--awb-order-small:0;--awb-spacing-right-small:1.92%;--awb-spacing-left-small:1.92%;\"><div class=\"fusion-column-wrapper fusion-column-has-shadow fusion-flex-justify-content-flex-start fusion-content-layout-column\"><div class=\"awb-gallery-wrapper awb-gallery-wrapper-1 button-span-no\"><div style=\"margin:-5px;--awb-bordersize:0px;\" class=\"fusion-gallery fusion-gallery-container fusion-grid-2 fusion-columns-total-2 fusion-gallery-layout-grid fusion-gallery-1\"><div style=\"padding:5px;\" class=\"fusion-grid-column fusion-gallery-column fusion-gallery-column-2 hover-type-none\"><div class=\"fusion-gallery-image\"><a href=\"https:\/\/laparoleaucentre.com\/wp-content\/uploads\/2021\/06\/simon_etla_meduse_etle_continent_lapac.jpg\" rel=\"noreferrer\" data-rel=\"iLightbox[gallery_image_1]\" class=\"fusion-lightbox\" target=\"_self\"><img decoding=\"async\" src=\"https:\/\/laparoleaucentre.com\/wp-content\/uploads\/2021\/06\/simon_etla_meduse_etle_continent_lapac.jpg\" width=\"1000\" height=\"667\" alt=\"simon et la meduse et le continent la pac\" title=\"simon_etla_meduse_etle_continent_lapac\" aria-label=\"simon_etla_meduse_etle_continent_lapac\" class=\"img-responsive wp-image-2872\" srcset=\"https:\/\/laparoleaucentre.com\/wp-content\/uploads\/2021\/06\/simon_etla_meduse_etle_continent_lapac-200x133.jpg 200w, https:\/\/laparoleaucentre.com\/wp-content\/uploads\/2021\/06\/simon_etla_meduse_etle_continent_lapac-400x267.jpg 400w, https:\/\/laparoleaucentre.com\/wp-content\/uploads\/2021\/06\/simon_etla_meduse_etle_continent_lapac-600x400.jpg 600w, https:\/\/laparoleaucentre.com\/wp-content\/uploads\/2021\/06\/simon_etla_meduse_etle_continent_lapac-800x534.jpg 800w, https:\/\/laparoleaucentre.com\/wp-content\/uploads\/2021\/06\/simon_etla_meduse_etle_continent_lapac.jpg 1000w\" sizes=\"(min-width: 2200px) 100vw, (min-width: 712px) 598px, (min-width: 640px) 712px, \" \/><\/a><\/div><\/div><div style=\"padding:5px;\" class=\"fusion-grid-column fusion-gallery-column fusion-gallery-column-2 hover-type-none\"><div class=\"fusion-gallery-image\"><a href=\"https:\/\/laparoleaucentre.com\/wp-content\/uploads\/2021\/06\/simon_etla_meduse_etle_continent_bis_lapac.jpg\" rel=\"noreferrer\" data-rel=\"iLightbox[gallery_image_1]\" class=\"fusion-lightbox\" target=\"_self\"><img decoding=\"async\" src=\"https:\/\/laparoleaucentre.com\/wp-content\/uploads\/2021\/06\/simon_etla_meduse_etle_continent_bis_lapac.jpg\" width=\"1000\" height=\"667\" alt=\"simon vialle\" title=\"simon_etla_meduse_etle_continent_bis_lapac\" aria-label=\"simon_etla_meduse_etle_continent_bis_lapac\" class=\"img-responsive wp-image-2873\" srcset=\"https:\/\/laparoleaucentre.com\/wp-content\/uploads\/2021\/06\/simon_etla_meduse_etle_continent_bis_lapac-200x133.jpg 200w, https:\/\/laparoleaucentre.com\/wp-content\/uploads\/2021\/06\/simon_etla_meduse_etle_continent_bis_lapac-400x267.jpg 400w, https:\/\/laparoleaucentre.com\/wp-content\/uploads\/2021\/06\/simon_etla_meduse_etle_continent_bis_lapac-600x400.jpg 600w, https:\/\/laparoleaucentre.com\/wp-content\/uploads\/2021\/06\/simon_etla_meduse_etle_continent_bis_lapac-800x534.jpg 800w, https:\/\/laparoleaucentre.com\/wp-content\/uploads\/2021\/06\/simon_etla_meduse_etle_continent_bis_lapac.jpg 1000w\" sizes=\"(min-width: 2200px) 100vw, (min-width: 712px) 598px, (min-width: 640px) 712px, \" \/><\/a><\/div><\/div><div class=\"clearfix\"><\/div><\/div><\/div><\/div><\/div><div class=\"fusion-layout-column fusion_builder_column fusion-builder-column-3 fusion_builder_column_1_2 1_2 fusion-flex-column\" style=\"--awb-padding-top:10%;--awb-padding-right:10%;--awb-padding-bottom:10%;--awb-padding-left:10%;--awb-bg-size:cover;--awb-width-large:50%;--awb-margin-top-large:-70px;--awb-spacing-right-large:3.84%;--awb-margin-bottom-large:0px;--awb-spacing-left-large:3.84%;--awb-width-medium:50%;--awb-order-medium:0;--awb-spacing-right-medium:3.84%;--awb-spacing-left-medium:3.84%;--awb-width-small:100%;--awb-order-small:0;--awb-spacing-right-small:1.92%;--awb-spacing-left-small:1.92%;\"><div class=\"fusion-column-wrapper fusion-column-has-shadow fusion-flex-justify-content-flex-start fusion-content-layout-column\"><div class=\"fusion-video fusion-youtube\" style=\"--awb-max-width:600px;--awb-max-height:360px;\"><div class=\"video-shortcode\"><div class=\"fluid-width-video-wrapper\" style=\"padding-top:60%;\" ><iframe title=\"YouTube video player 1\" src=\"https:\/\/www.youtube.com\/embed\/iW_LWW-D2Uc?wmode=transparent&autoplay=0\" width=\"600\" height=\"360\" allowfullscreen allow=\"autoplay; clipboard-write; encrypted-media; gyroscope; picture-in-picture;\"><\/iframe><\/div><\/div><\/div><\/div><\/div><\/div><\/div><div class=\"fusion-fullwidth fullwidth-box fusion-builder-row-2 fusion-flex-container nonhundred-percent-fullwidth non-hundred-percent-height-scrolling fusion-no-medium-visibility fusion-no-large-visibility\" style=\"--awb-border-radius-top-left:0px;--awb-border-radius-top-right:0px;--awb-border-radius-bottom-right:0px;--awb-border-radius-bottom-left:0px;--awb-padding-right:3%;--awb-padding-left:3%;--awb-background-color:#ffffff;--awb-flex-wrap:wrap;\" ><div class=\"fusion-builder-row fusion-row fusion-flex-align-items-flex-start fusion-flex-content-wrap\" style=\"max-width:1248px;margin-left: calc(-4% \/ 2 );margin-right: calc(-4% \/ 2 );\"><div class=\"fusion-layout-column fusion_builder_column fusion-builder-column-4 fusion_builder_column_1_1 1_1 fusion-flex-column\" style=\"--awb-bg-size:cover;--awb-width-large:100%;--awb-margin-top-large:0px;--awb-spacing-right-large:1.92%;--awb-margin-bottom-large:20px;--awb-spacing-left-large:1.92%;--awb-width-medium:100%;--awb-order-medium:0;--awb-spacing-right-medium:1.92%;--awb-spacing-left-medium:1.92%;--awb-width-small:100%;--awb-order-small:0;--awb-spacing-right-small:1.92%;--awb-spacing-left-small:1.92%;\"><div class=\"fusion-column-wrapper fusion-column-has-shadow fusion-flex-justify-content-flex-start fusion-content-layout-column\"><div class=\"fusion-title title fusion-title-2 fusion-sep-none fusion-title-center fusion-title-text fusion-title-size-two fusion-animated\" style=\"--awb-margin-bottom:45px;--awb-font-size:45px;\" data-animationType=\"flash\" data-animationDuration=\"1.0\" data-animationOffset=\"top-into-view\"><h2 class=\"fusion-title-heading title-heading-center\" style=\"font-family:&quot;Permanent Marker&quot;;font-style:normal;font-weight:400;margin:0;font-size:1em;\">SIMON ET LA MEDUSE ET LE CONTINENT<\/h2><\/div><div class=\"fusion-separator fusion-full-width-sep\" style=\"align-self: center;margin-left: auto;margin-right: auto;margin-top:5px;margin-bottom:5px;width:100%;\"><\/div><div class=\"fusion-text fusion-text-4\"><p style=\"text-align: right;\"><em><strong>JEANNE ET SIMON<\/strong> volet 2<\/em><br \/>\n<em>en tourn\u00e9e<\/em><\/p>\n<\/div><div class=\"fusion-separator fusion-full-width-sep\" style=\"align-self: center;margin-left: auto;margin-right: auto;margin-top:5px;margin-bottom:5px;width:100%;\"><\/div><div class=\"fusion-image-element \" style=\"--awb-caption-title-font-family:var(--h2_typography-font-family);--awb-caption-title-font-weight:var(--h2_typography-font-weight);--awb-caption-title-font-style:var(--h2_typography-font-style);--awb-caption-title-size:var(--h2_typography-font-size);--awb-caption-title-transform:var(--h2_typography-text-transform);--awb-caption-title-line-height:var(--h2_typography-line-height);--awb-caption-title-letter-spacing:var(--h2_typography-letter-spacing);--awb-filter:saturate(0%);--awb-filter-transition:filter 0.3s ease;--awb-filter-hover:saturate(148%);\"><span class=\" fusion-imageframe imageframe-none imageframe-2 hover-type-none\"><img decoding=\"async\" width=\"600\" height=\"543\" alt=\"Simon et la m\u00e9duse et le continent\" title=\"Simon et la m\u00e9duse et le continent\" src=\"https:\/\/laparoleaucentre.com\/wp-content\/uploads\/2021\/05\/simon-et-la-meduse-et-le-continent.png\" class=\"img-responsive wp-image-2759\" srcset=\"https:\/\/laparoleaucentre.com\/wp-content\/uploads\/2021\/05\/simon-et-la-meduse-et-le-continent-200x181.png 200w, https:\/\/laparoleaucentre.com\/wp-content\/uploads\/2021\/05\/simon-et-la-meduse-et-le-continent-400x362.png 400w, https:\/\/laparoleaucentre.com\/wp-content\/uploads\/2021\/05\/simon-et-la-meduse-et-le-continent.png 600w\" sizes=\"(max-width: 640px) 100vw, 600px\" \/><\/span><\/div><div class=\"fusion-text fusion-text-5\" style=\"--awb-font-size:8px;\"><p style=\"text-align: right;\">\u00a0<b>\u00a9 <\/b>Victor Rachet<\/p>\n<\/div><div class=\"fusion-separator fusion-full-width-sep\" style=\"align-self: center;margin-left: auto;margin-right: auto;margin-top:20px;margin-bottom:20px;width:100%;\"><\/div><div class=\"fusion-text fusion-text-6\" style=\"--awb-content-alignment:justify;\"><p>Simon ne va pas \u00e0 la cantine comme les autres enfants. Simon ne boit pas son yop comme les autres enfants. Simon ne fume pas son shit comme les autres enfants. Simon nous ment car il se soucie du vrai. Dans son monde, qui ne correspond pas du tout \u00e0 celui que dessinent les adultes, il lutte entre sa m\u00e8re, Jeanne qui \u00e9crit et qui voudrait \u00eatre appel\u00e9e maman, Monsieur Murmure, son ami imaginaire, mobile et transparent, son p\u00e8re, astronaute et\/ou absent, sa psychologue, la robe \u00e0 fleurs et le diagnostic bienveillant, Gaspard, son (seul) ami r\u00e9el qui n&rsquo;est qu&rsquo;un ami rien de plus, et Madame M\u00e9duse, ce petit animal ennemi et parasite m\u00e9taphore de son angoisse.<\/p>\n<\/div><div class=\"fusion-separator fusion-full-width-sep\" style=\"align-self: center;margin-left: auto;margin-right: auto;margin-top:5px;margin-bottom:5px;width:100%;\"><\/div><div class=\"fusion-content-boxes content-boxes columns row fusion-columns-1 fusion-columns-total-1 fusion-content-boxes-2 content-boxes-icon-with-title content-left\" style=\"--awb-hover-accent-color:rgba(101,188,123,0);--awb-circle-hover-accent-color:rgba(101,188,123,0);--awb-item-margin-bottom:40px;\" data-animationOffset=\"top-into-view\"><div style=\"--awb-backgroundcolor:#ffffff;\" class=\"fusion-column content-box-column content-box-column content-box-column-1 col-lg-12 col-md-12 col-sm-12 fusion-content-box-hover content-box-column-last content-box-column-last-in-row\"><div class=\"col content-box-wrapper content-wrapper-background link-area-link-icon content-icon-wrapper-yes icon-hover-animation-none\" data-animationOffset=\"top-into-view\"><div class=\"fusion-clearfix\"><\/div><div class=\"content-container\">\n<h4><strong>\u00e9criture, dramaturgie &amp; mise en sc\u00e8ne <\/strong>Louise Em\u00f6<br \/>\n<strong>jeu, proposition &amp; dramaturgie <\/strong>Simon Vialle<br \/>\n<strong>lumi\u00e8re, dramaturgie &amp; assistanat<\/strong>\u00a0Cl\u00e9ment Longueville<\/h4>\n<h4><strong>dur\u00e9e du spectacle<\/strong>\u00a01 heure<\/h4>\n<h4><strong>production d\u00e9l\u00e9gu\u00e9e<\/strong>\u00a0<a href=\"http:\/\/www.cdn-normandierouen.fr\/production\/simon-la-meduse-le-continent\/\">CDN de Normandie-Rouen\u00a0<\/a><br \/>\n<strong>coproduction <\/strong>La PAC &#8211; La ParoleAuCentre &amp; L&rsquo;\u00c9tincelle &#8211; Th\u00e9\u00e2tre de la ville de Rouen<br \/>\n<strong>avec le soutien de<\/strong>\u00a0La Bellone &#8211; Maison du spectacle, du Centre des \u00c9critures Dramatiques de Wallonie-Bruxelles, de la Cit\u00e9-Th\u00e9\u00e2tre, de l&rsquo;ODIA Normandie, de l&rsquo;ONDA et du Quai &#8211; CDN Angers Pays de la Loire<\/h4>\n<\/div><\/div><\/div><div class=\"fusion-clearfix\"><\/div><\/div><div class=\"fusion-separator fusion-full-width-sep\" style=\"align-self: center;margin-left: auto;margin-right: auto;margin-top:5px;margin-bottom:5px;width:100%;\"><\/div><div style=\"text-align:center;\"><a class=\"fusion-button button-flat fusion-button-default-size button-default fusion-button-default button-2 fusion-button-default-span fusion-button-default-type\" style=\"--button_text_transform:lowercase;\" target=\"lightbox\" rel=\"iLightbox\" href=\"https:\/\/laparoleaucentre.com\/wp-content\/uploads\/2021\/05\/dossier-SIMON-ET-LA-MEDUSE-ET-LE-CONTINENT.pdf\"><span class=\"fusion-button-text awb-button__text awb-button__text--default\">dossier artistique<\/span><\/a><\/div><\/div><\/div><\/div><\/div><div class=\"fusion-fullwidth fullwidth-box fusion-builder-row-3 fusion-flex-container nonhundred-percent-fullwidth non-hundred-percent-height-scrolling\" style=\"--awb-border-radius-top-left:0px;--awb-border-radius-top-right:0px;--awb-border-radius-bottom-right:0px;--awb-border-radius-bottom-left:0px;--awb-padding-right:5%;--awb-padding-left:5%;--awb-background-color:#ffffff;--awb-flex-wrap:wrap;\" ><div class=\"fusion-builder-row fusion-row fusion-flex-align-items-flex-start fusion-flex-content-wrap\" style=\"max-width:1248px;margin-left: calc(-4% \/ 2 );margin-right: calc(-4% \/ 2 );\"><div class=\"fusion-layout-column fusion_builder_column fusion-builder-column-5 fusion_builder_column_1_2 1_2 fusion-flex-column\" style=\"--awb-bg-size:cover;--awb-width-large:50%;--awb-margin-top-large:0px;--awb-spacing-right-large:3.84%;--awb-margin-bottom-large:20px;--awb-spacing-left-large:3.84%;--awb-width-medium:50%;--awb-order-medium:0;--awb-spacing-right-medium:3.84%;--awb-spacing-left-medium:3.84%;--awb-width-small:100%;--awb-order-small:0;--awb-spacing-right-small:1.92%;--awb-spacing-left-small:1.92%;\"><div class=\"fusion-column-wrapper fusion-column-has-shadow fusion-flex-justify-content-flex-start fusion-content-layout-column\"><div class=\"fusion-text fusion-text-7\" style=\"--awb-margin-right:40px;\"><h3 class=\"fusion-responsive-typography-calculated\" data-fontsize=\"22\" data-lineheight=\"26.4px\">\/ extrait<\/h3>\n<\/div><div class=\"fusion-separator fusion-full-width-sep\" style=\"align-self: center;margin-left: auto;margin-right: auto;width:100%;\"><div class=\"fusion-separator-border sep-single sep-solid\" style=\"--awb-height:20px;--awb-amount:20px;--awb-sep-color:#000000;border-color:#000000;border-top-width:1px;\"><\/div><\/div><div class=\"fusion-text fusion-text-8\" style=\"--awb-content-alignment:justify;--awb-line-height:1;--awb-text-transform:none;--awb-margin-top:10px;\"><h4><span style=\"font-weight: 400;\">J&rsquo;ai une m\u00e9duse <\/span><\/h4>\n<h4><span style=\"font-weight: 400;\">Dans le ventre\u00a0<\/span><\/h4>\n<h4><span style=\"font-weight: 400;\">Elle s&rsquo;appelle\u00a0<\/span><span style=\"font-weight: 400;\">Madame M\u00e9duse\u00a0<\/span><\/h4>\n<h4><span style=\"font-weight: 400;\">J&rsquo;ai un ami imaginaire\u00a0<\/span><\/h4>\n<h4><span style=\"font-weight: 400;\">Dans l\u2019air\u00a0<\/span><\/h4>\n<h4><span style=\"font-weight: 400;\">Il s&rsquo;appelle\u00a0<\/span><\/h4>\n<h4><span style=\"font-weight: 400;\">M<\/span><span style=\"font-weight: 400;\">onsieur Murmur<\/span><span style=\"font-weight: 400;\">e\u00a0<\/span><\/h4>\n<h4><span style=\"font-weight: 400;\">Madame M\u00e9duse et Monsieur Murmure\u00a0<\/span><span style=\"font-weight: 400;\">sont en tension comme sur un \u00e9lastique <\/span><\/h4>\n<h4><span style=\"font-weight: 400;\">S<\/span><span style=\"font-weight: 400;\">i Monsieur Murmure s&rsquo;\u00e9loigne\u00a0<\/span><span style=\"font-weight: 400;\">la M\u00e9duse s&rsquo;agite\u00a0<\/span><\/h4>\n<h4><span style=\"font-weight: 400;\">Si Monsieur Murmure dispara\u00eet\u00a0<\/span><\/h4>\n<h4><span style=\"font-weight: 400;\">Retour d&rsquo;\u00e9lastique\u00a0<\/span><\/h4>\n<h4><span style=\"font-weight: 400;\">Madame M\u00e9duse\u00a0<\/span><span style=\"font-weight: 400;\">Monsieur Murmure\u00a0<\/span><span style=\"font-weight: 400;\">Tension\u00a0<\/span><\/h4>\n<h4><span style=\"font-weight: 400;\">Retour \u00e9lastique <\/span><span style=\"font-weight: 400;\">voil\u00e0 \u00e7a donne \u00e7a <\/span><span style=\"font-weight: 400;\">\u00e0 peu pr\u00e8s\u00a0<\/span><\/h4>\n<\/div><\/div><\/div><div class=\"fusion-layout-column fusion_builder_column fusion-builder-column-6 fusion_builder_column_1_2 1_2 fusion-flex-column\" style=\"--awb-bg-size:cover;--awb-width-large:50%;--awb-margin-top-large:0px;--awb-spacing-right-large:3.84%;--awb-margin-bottom-large:20px;--awb-spacing-left-large:3.84%;--awb-width-medium:50%;--awb-order-medium:0;--awb-spacing-right-medium:3.84%;--awb-spacing-left-medium:3.84%;--awb-width-small:100%;--awb-order-small:0;--awb-spacing-right-small:1.92%;--awb-spacing-left-small:1.92%;\"><div class=\"fusion-column-wrapper fusion-column-has-shadow fusion-flex-justify-content-flex-start fusion-content-layout-column\"><div class=\"fusion-text fusion-text-9\" style=\"--awb-content-alignment:right;--awb-margin-right:40px;\"><h3 class=\"fusion-responsive-typography-calculated\" data-fontsize=\"22\" data-lineheight=\"26.4px\">\/ presse<\/h3>\n<\/div><div class=\"fusion-separator fusion-full-width-sep\" style=\"align-self: center;margin-left: auto;margin-right: auto;width:100%;\"><div class=\"fusion-separator-border sep-single sep-solid\" style=\"--awb-height:20px;--awb-amount:20px;--awb-sep-color:#000000;border-color:#000000;border-top-width:1px;\"><\/div><\/div><div class=\"fusion-text fusion-text-10\" style=\"--awb-content-alignment:justify;--awb-text-transform:none;\"><h4><strong><a href=\"http:\/\/www.iogazette.fr\/festivals\/2019\/un-radeau\/\" target=\"_blank\" rel=\"noopener\">Iogazette \u2013 Florence Filippi &#8211; 5 juillet 2019<\/a><\/strong><\/h4>\n<h4>\u00ab Quand les mots de Louise percutent le corps de Simon, c&rsquo;est une d\u00e9flagration. \u00bb<\/h4>\n<\/div><\/div><\/div><\/div><\/div><\/p>\n","protected":false},"excerpt":{"rendered":"","protected":false},"author":1,"featured_media":0,"parent":2680,"menu_order":0,"comment_status":"closed","ping_status":"closed","template":"","meta":{"footnotes":""},"class_list":["post-2728","page","type-page","status-publish","hentry"],"yoast_head":"<!-- This site is optimized with the Yoast SEO plugin v27.5 - https:\/\/yoast.com\/product\/yoast-seo-wordpress\/ -->\n<title>Simon et la m\u00e9duse et le continent - Cr\u00e9ation Th\u00e9\u00e2tre - La Parole au Centre<\/title>\n<meta name=\"description\" content=\"Simon ne va pas \u00e0 la cantine comme les autres enfants. Simon ne boit pas son yop comme les autres enfants. Simon ne fume pas son shit comme..\" \/>\n<meta name=\"robots\" content=\"index, follow, max-snippet:-1, max-image-preview:large, max-video-preview:-1\" \/>\n<link rel=\"canonical\" href=\"https:\/\/laparoleaucentre.com\/index.php\/creations\/simon-et-la-meduse-et-le-continent\/\" \/>\n<meta property=\"og:locale\" content=\"fr_FR\" \/>\n<meta property=\"og:type\" content=\"article\" \/>\n<meta property=\"og:title\" content=\"Simon et la m\u00e9duse et le continent - Cr\u00e9ation Th\u00e9\u00e2tre - La Parole au Centre\" \/>\n<meta property=\"og:description\" content=\"Simon ne va pas \u00e0 la cantine comme les autres enfants. Simon ne boit pas son yop comme les autres enfants. Simon ne fume pas son shit comme..\" \/>\n<meta property=\"og:url\" content=\"https:\/\/laparoleaucentre.com\/index.php\/creations\/simon-et-la-meduse-et-le-continent\/\" \/>\n<meta property=\"og:site_name\" content=\"La Parole au Centre\" \/>\n<meta property=\"article:publisher\" content=\"https:\/\/www.facebook.com\/laparoleaucentre\" \/>\n<meta property=\"article:modified_time\" content=\"2022-11-21T16:05:23+00:00\" \/>\n<meta name=\"twitter:card\" content=\"summary_large_image\" \/>\n<meta name=\"twitter:label1\" content=\"Dur\u00e9e de lecture estim\u00e9e\" \/>\n\t<meta name=\"twitter:data1\" content=\"13 minutes\" \/>\n<script type=\"application\/ld+json\" class=\"yoast-schema-graph\">{\"@context\":\"https:\\\/\\\/schema.org\",\"@graph\":[{\"@type\":\"WebPage\",\"@id\":\"https:\\\/\\\/laparoleaucentre.com\\\/index.php\\\/creations\\\/simon-et-la-meduse-et-le-continent\\\/\",\"url\":\"https:\\\/\\\/laparoleaucentre.com\\\/index.php\\\/creations\\\/simon-et-la-meduse-et-le-continent\\\/\",\"name\":\"Simon et la m\u00e9duse et le continent - Cr\u00e9ation Th\u00e9\u00e2tre - La Parole au Centre\",\"isPartOf\":{\"@id\":\"https:\\\/\\\/laparoleaucentre.com\\\/#website\"},\"datePublished\":\"2021-05-19T11:56:14+00:00\",\"dateModified\":\"2022-11-21T16:05:23+00:00\",\"description\":\"Simon ne va pas \u00e0 la cantine comme les autres enfants. Simon ne boit pas son yop comme les autres enfants. Simon ne fume pas son shit comme..\",\"breadcrumb\":{\"@id\":\"https:\\\/\\\/laparoleaucentre.com\\\/index.php\\\/creations\\\/simon-et-la-meduse-et-le-continent\\\/#breadcrumb\"},\"inLanguage\":\"fr-FR\",\"potentialAction\":[{\"@type\":\"ReadAction\",\"target\":[\"https:\\\/\\\/laparoleaucentre.com\\\/index.php\\\/creations\\\/simon-et-la-meduse-et-le-continent\\\/\"]}]},{\"@type\":\"BreadcrumbList\",\"@id\":\"https:\\\/\\\/laparoleaucentre.com\\\/index.php\\\/creations\\\/simon-et-la-meduse-et-le-continent\\\/#breadcrumb\",\"itemListElement\":[{\"@type\":\"ListItem\",\"position\":1,\"name\":\"Accueil\",\"item\":\"https:\\\/\\\/laparoleaucentre.com\\\/\"},{\"@type\":\"ListItem\",\"position\":2,\"name\":\"r\u00e9pertoire\",\"item\":\"https:\\\/\\\/laparoleaucentre.com\\\/index.php\\\/creations\\\/\"},{\"@type\":\"ListItem\",\"position\":3,\"name\":\"Simon et la m\u00e9duse et le continent\"}]},{\"@type\":\"WebSite\",\"@id\":\"https:\\\/\\\/laparoleaucentre.com\\\/#website\",\"url\":\"https:\\\/\\\/laparoleaucentre.com\\\/\",\"name\":\"La Parole au Centre\",\"description\":\"Compagnie de th\u00e9\u00e2tre - Louise Em\u00f6\",\"publisher\":{\"@id\":\"https:\\\/\\\/laparoleaucentre.com\\\/#organization\"},\"potentialAction\":[{\"@type\":\"SearchAction\",\"target\":{\"@type\":\"EntryPoint\",\"urlTemplate\":\"https:\\\/\\\/laparoleaucentre.com\\\/?s={search_term_string}\"},\"query-input\":{\"@type\":\"PropertyValueSpecification\",\"valueRequired\":true,\"valueName\":\"search_term_string\"}}],\"inLanguage\":\"fr-FR\"},{\"@type\":\"Organization\",\"@id\":\"https:\\\/\\\/laparoleaucentre.com\\\/#organization\",\"name\":\"La Parole au Centre\",\"url\":\"https:\\\/\\\/laparoleaucentre.com\\\/\",\"logo\":{\"@type\":\"ImageObject\",\"inLanguage\":\"fr-FR\",\"@id\":\"https:\\\/\\\/laparoleaucentre.com\\\/#\\\/schema\\\/logo\\\/image\\\/\",\"url\":\"https:\\\/\\\/laparoleaucentre.com\\\/wp-content\\\/uploads\\\/2021\\\/05\\\/logo-pac.png\",\"contentUrl\":\"https:\\\/\\\/laparoleaucentre.com\\\/wp-content\\\/uploads\\\/2021\\\/05\\\/logo-pac.png\",\"width\":300,\"height\":241,\"caption\":\"La Parole au Centre\"},\"image\":{\"@id\":\"https:\\\/\\\/laparoleaucentre.com\\\/#\\\/schema\\\/logo\\\/image\\\/\"},\"sameAs\":[\"https:\\\/\\\/www.facebook.com\\\/laparoleaucentre\",\"https:\\\/\\\/www.instagram.com\\\/laparoleaucentre\\\/\",\"https:\\\/\\\/www.youtube.com\\\/channel\\\/UC2GO_VA4yj1YCuTh-SpaTbw?view_as=subscriber\"]}]}<\/script>\n<!-- \/ Yoast SEO plugin. -->","yoast_head_json":{"title":"Simon et la m\u00e9duse et le continent - Cr\u00e9ation Th\u00e9\u00e2tre - La Parole au Centre","description":"Simon ne va pas \u00e0 la cantine comme les autres enfants. Simon ne boit pas son yop comme les autres enfants. Simon ne fume pas son shit comme..","robots":{"index":"index","follow":"follow","max-snippet":"max-snippet:-1","max-image-preview":"max-image-preview:large","max-video-preview":"max-video-preview:-1"},"canonical":"https:\/\/laparoleaucentre.com\/index.php\/creations\/simon-et-la-meduse-et-le-continent\/","og_locale":"fr_FR","og_type":"article","og_title":"Simon et la m\u00e9duse et le continent - Cr\u00e9ation Th\u00e9\u00e2tre - La Parole au Centre","og_description":"Simon ne va pas \u00e0 la cantine comme les autres enfants. Simon ne boit pas son yop comme les autres enfants. Simon ne fume pas son shit comme..","og_url":"https:\/\/laparoleaucentre.com\/index.php\/creations\/simon-et-la-meduse-et-le-continent\/","og_site_name":"La Parole au Centre","article_publisher":"https:\/\/www.facebook.com\/laparoleaucentre","article_modified_time":"2022-11-21T16:05:23+00:00","twitter_card":"summary_large_image","twitter_misc":{"Dur\u00e9e de lecture estim\u00e9e":"13 minutes"},"schema":{"@context":"https:\/\/schema.org","@graph":[{"@type":"WebPage","@id":"https:\/\/laparoleaucentre.com\/index.php\/creations\/simon-et-la-meduse-et-le-continent\/","url":"https:\/\/laparoleaucentre.com\/index.php\/creations\/simon-et-la-meduse-et-le-continent\/","name":"Simon et la m\u00e9duse et le continent - Cr\u00e9ation Th\u00e9\u00e2tre - La Parole au Centre","isPartOf":{"@id":"https:\/\/laparoleaucentre.com\/#website"},"datePublished":"2021-05-19T11:56:14+00:00","dateModified":"2022-11-21T16:05:23+00:00","description":"Simon ne va pas \u00e0 la cantine comme les autres enfants. Simon ne boit pas son yop comme les autres enfants. Simon ne fume pas son shit comme..","breadcrumb":{"@id":"https:\/\/laparoleaucentre.com\/index.php\/creations\/simon-et-la-meduse-et-le-continent\/#breadcrumb"},"inLanguage":"fr-FR","potentialAction":[{"@type":"ReadAction","target":["https:\/\/laparoleaucentre.com\/index.php\/creations\/simon-et-la-meduse-et-le-continent\/"]}]},{"@type":"BreadcrumbList","@id":"https:\/\/laparoleaucentre.com\/index.php\/creations\/simon-et-la-meduse-et-le-continent\/#breadcrumb","itemListElement":[{"@type":"ListItem","position":1,"name":"Accueil","item":"https:\/\/laparoleaucentre.com\/"},{"@type":"ListItem","position":2,"name":"r\u00e9pertoire","item":"https:\/\/laparoleaucentre.com\/index.php\/creations\/"},{"@type":"ListItem","position":3,"name":"Simon et la m\u00e9duse et le continent"}]},{"@type":"WebSite","@id":"https:\/\/laparoleaucentre.com\/#website","url":"https:\/\/laparoleaucentre.com\/","name":"La Parole au Centre","description":"Compagnie de th\u00e9\u00e2tre - Louise Em\u00f6","publisher":{"@id":"https:\/\/laparoleaucentre.com\/#organization"},"potentialAction":[{"@type":"SearchAction","target":{"@type":"EntryPoint","urlTemplate":"https:\/\/laparoleaucentre.com\/?s={search_term_string}"},"query-input":{"@type":"PropertyValueSpecification","valueRequired":true,"valueName":"search_term_string"}}],"inLanguage":"fr-FR"},{"@type":"Organization","@id":"https:\/\/laparoleaucentre.com\/#organization","name":"La Parole au Centre","url":"https:\/\/laparoleaucentre.com\/","logo":{"@type":"ImageObject","inLanguage":"fr-FR","@id":"https:\/\/laparoleaucentre.com\/#\/schema\/logo\/image\/","url":"https:\/\/laparoleaucentre.com\/wp-content\/uploads\/2021\/05\/logo-pac.png","contentUrl":"https:\/\/laparoleaucentre.com\/wp-content\/uploads\/2021\/05\/logo-pac.png","width":300,"height":241,"caption":"La Parole au Centre"},"image":{"@id":"https:\/\/laparoleaucentre.com\/#\/schema\/logo\/image\/"},"sameAs":["https:\/\/www.facebook.com\/laparoleaucentre","https:\/\/www.instagram.com\/laparoleaucentre\/","https:\/\/www.youtube.com\/channel\/UC2GO_VA4yj1YCuTh-SpaTbw?view_as=subscriber"]}]}},"_links":{"self":[{"href":"https:\/\/laparoleaucentre.com\/index.php\/wp-json\/wp\/v2\/pages\/2728","targetHints":{"allow":["GET"]}}],"collection":[{"href":"https:\/\/laparoleaucentre.com\/index.php\/wp-json\/wp\/v2\/pages"}],"about":[{"href":"https:\/\/laparoleaucentre.com\/index.php\/wp-json\/wp\/v2\/types\/page"}],"author":[{"embeddable":true,"href":"https:\/\/laparoleaucentre.com\/index.php\/wp-json\/wp\/v2\/users\/1"}],"replies":[{"embeddable":true,"href":"https:\/\/laparoleaucentre.com\/index.php\/wp-json\/wp\/v2\/comments?post=2728"}],"version-history":[{"count":31,"href":"https:\/\/laparoleaucentre.com\/index.php\/wp-json\/wp\/v2\/pages\/2728\/revisions"}],"predecessor-version":[{"id":3617,"href":"https:\/\/laparoleaucentre.com\/index.php\/wp-json\/wp\/v2\/pages\/2728\/revisions\/3617"}],"up":[{"embeddable":true,"href":"https:\/\/laparoleaucentre.com\/index.php\/wp-json\/wp\/v2\/pages\/2680"}],"wp:attachment":[{"href":"https:\/\/laparoleaucentre.com\/index.php\/wp-json\/wp\/v2\/media?parent=2728"}],"curies":[{"name":"wp","href":"https:\/\/api.w.org\/{rel}","templated":true}]}}